{"id":1724,"date":"2025-10-02T14:50:10","date_gmt":"2025-10-02T14:50:10","guid":{"rendered":"https:\/\/www.pellineslodge.cl\/campamento\/?post_type=product&#038;p=1724"},"modified":"2025-11-13T20:11:41","modified_gmt":"2025-11-13T20:11:41","slug":"campamento-exploradores-2026","status":"publish","type":"product","link":"https:\/\/www.pellineslodge.cl\/campamento\/producto\/campamento-exploradores-2026\/","title":{"rendered":"CAMPAMENTO EXPLORADORES 2026 &#8211; 4 d\u00edas \/ 3 noches"},"content":{"rendered":"<p><b>M\u00e1s confianza, m\u00e1s amigos<\/b><\/p>\n<p>Una experiencia memorable, pensada para quienes buscan una primera aproximaci\u00f3n al mundo de los campamentos. Este programa concentra diversi\u00f3n, aprendizaje y naturaleza en din\u00e1micas grupales, desaf\u00edos al aire libre y m\u00e1gicas noches bajo el firmamento. Todo, en un entorno seguro y estimulante. Ser\u00e1 una oportunidad ideal para que tus hijos exploren nuevas habilidades, fortalezcan su confianza, ampl\u00eden su c\u00edrculo de amistades y vivan una aventura profundamente significativa.<\/p>\n<p><b>Duraci\u00f3n:<\/b><span style=\"font-weight: 400;\"> 4 d\u00edas y 3 noches<\/span><\/p>\n<p><b>Fechas disponibles:<\/b><\/p>\n<ul>\n<li style=\"font-weight: 400;\" aria-level=\"1\"><span style=\"font-weight: 400;\">Lunes 5 al jueves 8 de enero<\/span><\/li>\n<li style=\"font-weight: 400;\" aria-level=\"1\"><span style=\"font-weight: 400;\">Jueves 8 al domingo 11 de enero<\/span><\/li>\n<\/ul>\n<p>&nbsp;<\/p>\n<p><b>IMPORTANTE:<\/b><strong><span style=\"color: #ff6600;\"> Hasta el 30 de noviembre, podr\u00e1s acceder a un 25% de descuento, utilizando el c\u00f3digo OCT25<\/span><\/strong><\/p>\n<p><span style=\"font-weight: 400;\">*Para participantes de las primeras fechas, se ofrecer\u00e1 la posibilidad de extender su estad\u00eda, para lo cual se deber\u00e1n cancelar los d\u00edas adicionales.<\/span><\/p>\n<h3><b>Servicios incluidos:<\/b><\/h3>\n<ul>\n<li style=\"font-weight: 400;\" aria-level=\"1\"><span style=\"font-weight: 400;\">Actividades, aventuras y desaf\u00edos al aire libre<\/span><\/li>\n<li style=\"font-weight: 400;\" aria-level=\"1\"><span style=\"font-weight: 400;\">Equipamiento de seguridad e implementos para cada actividad<\/span><\/li>\n<li style=\"font-weight: 400;\" aria-level=\"1\"><span style=\"font-weight: 400;\">Alimentaci\u00f3n completa: desayuno, almuerzo, cena y snack de frutas<\/span><\/li>\n<li style=\"font-weight: 400;\" aria-level=\"1\"><span style=\"font-weight: 400;\">Alojamiento en refugio con camas y ba\u00f1os con agua caliente<\/span><\/li>\n<li style=\"font-weight: 400;\" aria-level=\"1\"><span style=\"font-weight: 400;\">Actividades con animales de granja<\/span><\/li>\n<li style=\"font-weight: 400;\" aria-level=\"1\"><span style=\"font-weight: 400;\">Servicios de primeros auxilios por gu\u00edas certificados en WAFA\/WFR<\/span><\/li>\n<li style=\"font-weight: 400;\" aria-level=\"1\"><span style=\"font-weight: 400;\">Servicio de enfermer\u00eda 24\/7<\/span><\/li>\n<li style=\"font-weight: 400;\" aria-level=\"1\"><span style=\"font-weight: 400;\">Acompa\u00f1amiento constante: 1 facilitador por cada 5 participantes<\/span><\/li>\n<li style=\"font-weight: 400;\" aria-level=\"1\"><span style=\"font-weight: 400;\">Transporte privado desde Chill\u00e1n hasta Los Pellines (ida y vuelta)<\/span><\/li>\n<li style=\"font-weight: 400;\" aria-level=\"1\"><span style=\"font-weight: 400;\">Acompa\u00f1amiento y coordinaci\u00f3n de pasajes para quienes viajan desde Concepci\u00f3n y Santiago<\/span><\/li>\n<li style=\"font-weight: 400;\" aria-level=\"1\"><span style=\"font-weight: 400;\">Seguro complementario Metlife<\/span><\/li>\n<li style=\"font-weight: 400;\" aria-level=\"1\"><span style=\"font-weight: 400;\">Reportes diarios a trav\u00e9s de nuestra web<\/span><\/li>\n<li style=\"font-weight: 400;\" aria-level=\"1\"><span style=\"font-weight: 400;\">Internet satelital y veh\u00edculos de apoyo para casos de emergencia<\/span><\/li>\n<li style=\"font-weight: 400;\" aria-level=\"1\"><span style=\"font-weight: 400;\">Conversaci\u00f3n previa entre apoderados y nuestro equipo de formaci\u00f3n, para indagar antecedentes personales de cada participante<\/span><\/li>\n<\/ul>\n<p><strong>Documentos de coordinaci\u00f3n:<\/strong><\/p>\n<ol>\n<li><a href=\"https:\/\/drive.google.com\/file\/d\/1fMPDuzWK5hVhRMYC4bd7-WLZmq3oAlrI\/view\">Listado de equipo recomendado<\/a><\/li>\n<li><a href=\"https:\/\/drive.google.com\/file\/d\/1VcZB5i0XToO6SqbK-7ZgwVT8ycwczb7d\/view\">Documento de preguntas frecuentes<\/a><\/li>\n<li><a href=\"https:\/\/drive.google.com\/file\/d\/1xzSr-R78NpKF8ebUcq0yHUdW5bMCBvZa\/view?usp=sharing\">Coordinaci\u00f3n del viaje<\/a><\/li>\n<li>Contrato de servicios<\/li>\n<\/ol>\n","protected":false},"excerpt":{"rendered":"<p><b>M\u00e1s confianza, m\u00e1s amigos<\/b><\/p>\n<p>Una experiencia memorable, pensada para quienes buscan una primera aproximaci\u00f3n al mundo de los campamentos. Este programa concentra diversi\u00f3n, aprendizaje y naturaleza en din\u00e1micas grupales, desaf\u00edos al aire libre y m\u00e1gicas noches bajo el firmamento. Todo, en un entorno seguro y estimulante. Ser\u00e1 una oportunidad ideal para que tus hijos exploren nuevas habilidades, fortalezcan su confianza, ampl\u00eden su c\u00edrculo de amistades y vivan una aventura profundamente significativa.<\/p>\n<p><b>Duraci\u00f3n:<\/b><span style=\"font-weight: 400;\"> 4 d\u00edas y 3 noches<\/span><\/p>\n<p><b>Fechas disponibles:<\/b><\/p>\n<ul>\n<li style=\"font-weight: 400;\" aria-level=\"1\"><span style=\"font-weight: 400;\">Lunes 5 al jueves 8 de enero<\/span><\/li>\n<li style=\"font-weight: 400;\" aria-level=\"1\"><span style=\"font-weight: 400;\">Jueves 8 al domingo 11 de enero<\/span><\/li>\n<\/ul>\n<p>&nbsp;<\/p>\n<p><b>IMPORTANTE:<\/b><strong><span style=\"color: #ff6600;\"> Hasta el 30 de noviembre, podr\u00e1s acceder a un 25% de descuento, utilizando el c\u00f3digo OCT25<\/span><\/strong><\/p>\n<p><span style=\"font-weight: 400;\">*Para participantes de las primeras fechas, se ofrecer\u00e1 la posibilidad de extender su estad\u00eda, para lo cual se deber\u00e1n cancelar los d\u00edas adicionales.<\/span><\/p>\n<h3><b>Servicios incluidos:<\/b><\/h3>\n<ul>\n<li style=\"font-weight: 400;\" aria-level=\"1\"><span style=\"font-weight: 400;\">Actividades, aventuras y desaf\u00edos al aire libre<\/span><\/li>\n<li style=\"font-weight: 400;\" aria-level=\"1\"><span style=\"font-weight: 400;\">Equipamiento de seguridad e implementos para cada actividad<\/span><\/li>\n<li style=\"font-weight: 400;\" aria-level=\"1\"><span style=\"font-weight: 400;\">Alimentaci\u00f3n completa: desayuno, almuerzo, cena y snack de frutas<\/span><\/li>\n<li style=\"font-weight: 400;\" aria-level=\"1\"><span style=\"font-weight: 400;\">Alojamiento en refugio con camas y ba\u00f1os con agua caliente<\/span><\/li>\n<li style=\"font-weight: 400;\" aria-level=\"1\"><span style=\"font-weight: 400;\">Actividades con animales de granja<\/span><\/li>\n<li style=\"font-weight: 400;\" aria-level=\"1\"><span style=\"font-weight: 400;\">Servicios de primeros auxilios por gu\u00edas certificados en WAFA\/WFR<\/span><\/li>\n<li style=\"font-weight: 400;\" aria-level=\"1\"><span style=\"font-weight: 400;\">Servicio de enfermer\u00eda 24\/7<\/span><\/li>\n<li style=\"font-weight: 400;\" aria-level=\"1\"><span style=\"font-weight: 400;\">Acompa\u00f1amiento constante: 1 facilitador por cada 5 participantes<\/span><\/li>\n<li style=\"font-weight: 400;\" aria-level=\"1\"><span style=\"font-weight: 400;\">Transporte privado desde Chill\u00e1n hasta Los Pellines (ida y vuelta)<\/span><\/li>\n<li style=\"font-weight: 400;\" aria-level=\"1\"><span style=\"font-weight: 400;\">Acompa\u00f1amiento y coordinaci\u00f3n de pasajes para quienes viajan desde Concepci\u00f3n y Santiago<\/span><\/li>\n<li style=\"font-weight: 400;\" aria-level=\"1\"><span style=\"font-weight: 400;\">Seguro complementario Metlife<\/span><\/li>\n<li style=\"font-weight: 400;\" aria-level=\"1\"><span style=\"font-weight: 400;\">Reportes diarios a trav\u00e9s de nuestra web<\/span><\/li>\n<li style=\"font-weight: 400;\" aria-level=\"1\"><span style=\"font-weight: 400;\">Internet satelital y veh\u00edculos de apoyo para casos de emergencia<\/span><\/li>\n<li style=\"font-weight: 400;\" aria-level=\"1\"><span style=\"font-weight: 400;\">Conversaci\u00f3n previa entre apoderados y nuestro equipo de formaci\u00f3n, para indagar antecedentes personales de cada participante<\/span><\/li>\n<\/ul>\n<p><strong>Documentos de coordinaci\u00f3n:<\/strong><\/p>\n<ol>\n<li><a href=\"https:\/\/drive.google.com\/file\/d\/1fMPDuzWK5hVhRMYC4bd7-WLZmq3oAlrI\/view\">Listado de equipo recomendado<\/a><\/li>\n<li><a href=\"https:\/\/drive.google.com\/file\/d\/1VcZB5i0XToO6SqbK-7ZgwVT8ycwczb7d\/view\">Documento de preguntas frecuentes<\/a><\/li>\n<li><a href=\"https:\/\/drive.google.com\/file\/d\/1xzSr-R78NpKF8ebUcq0yHUdW5bMCBvZa\/view?usp=sharing\">Coordinaci\u00f3n del viaje<\/a><\/li>\n<li>Contrato de servicios<\/li>\n<\/ol>\n","protected":false},"featured_media":1318,"template":"","meta":[],"product_brand":[],"product_cat":[49],"product_tag":[],"class_list":{"0":"post-1724","1":"product","2":"type-product","3":"status-publish","4":"has-post-thumbnail","6":"product_cat-campamentos-2025","8":"first","9":"instock","10":"featured","11":"shipping-taxable","12":"purchasable","13":"product-type-simple"},"_links":{"self":[{"href":"https:\/\/www.pellineslodge.cl\/campamento\/wp-json\/wp\/v2\/product\/1724","targetHints":{"allow":["GET"]}}],"collection":[{"href":"https:\/\/www.pellineslodge.cl\/campamento\/wp-json\/wp\/v2\/product"}],"about":[{"href":"https:\/\/www.pellineslodge.cl\/campamento\/wp-json\/wp\/v2\/types\/product"}],"wp:featuredmedia":[{"embeddable":true,"href":"https:\/\/www.pellineslodge.cl\/campamento\/wp-json\/wp\/v2\/media\/1318"}],"wp:attachment":[{"href":"https:\/\/www.pellineslodge.cl\/campamento\/wp-json\/wp\/v2\/media?parent=1724"}],"wp:term":[{"taxonomy":"product_brand","embeddable":true,"href":"https:\/\/www.pellineslodge.cl\/campamento\/wp-json\/wp\/v2\/product_brand?post=1724"},{"taxonomy":"product_cat","embeddable":true,"href":"https:\/\/www.pellineslodge.cl\/campamento\/wp-json\/wp\/v2\/product_cat?post=1724"},{"taxonomy":"product_tag","embeddable":true,"href":"https:\/\/www.pellineslodge.cl\/campamento\/wp-json\/wp\/v2\/product_tag?post=1724"}],"curies":[{"name":"wp","href":"https:\/\/api.w.org\/{rel}","templated":true}]}}