{"id":1715,"date":"2025-09-26T20:46:27","date_gmt":"2025-09-26T20:46:27","guid":{"rendered":"https:\/\/www.pellineslodge.cl\/campamento\/?post_type=product&#038;p=1715"},"modified":"2025-11-13T20:15:37","modified_gmt":"2025-11-13T20:15:37","slug":"campamento-lideres-2026","status":"publish","type":"product","link":"https:\/\/www.pellineslodge.cl\/campamento\/producto\/campamento-lideres-2026\/","title":{"rendered":"CAMPAMENTO L\u00cdDERES 2026 &#8211; 10 d\u00edas \/ 9 noches"},"content":{"rendered":"<p><b>Un desaf\u00edo memorable<\/b><\/p>\n<p>Diez d\u00edas inmersos en la precordillera de \u00d1uble, rodeados de naturaleza en estado puro. Lejos de las pantallas, tus hijos vivir\u00e1n una experiencia entra\u00f1able con amigos, organizados en caminatas por bosques, cascadas y m\u00e1gicas noches de fog\u00f3n bajo las estrellas. Cada jornada integra desaf\u00edos memorables y aprendizajes que fomentar\u00e1n su autonom\u00eda, liderazgo y gesti\u00f3n emocional. A la vez, crear\u00e1n lazos duraderos y significativos con talleres relacionales, din\u00e1micas grupales y actividades en la naturaleza.<\/p>\n<p><b>Duraci\u00f3n:<\/b><span style=\"font-weight: 400;\"> 10 d\u00edas y 9 noches<\/span><\/p>\n<p><b>Fechas disponibles:<\/b><\/p>\n<ul>\n<li><span style=\"font-weight: 400;\">Lunes 5 al mi\u00e9rcoles 14 de enero\u00a0<\/span><\/li>\n<\/ul>\n<p>&nbsp;<\/p>\n<p style=\"text-align: left;\"><b>IMPORTANTE: <\/b><strong><span style=\"color: #ff6600;\">Hasta el 30 de noviembre, podr\u00e1s acceder a un 25% de descuento, utilizando el c\u00f3digo OCT25<\/span><\/strong><\/p>\n<p><b>Servicios incluidos:<\/b><\/p>\n<ul>\n<li style=\"font-weight: 400;\" aria-level=\"1\"><span style=\"font-weight: 400;\">Actividades, aventuras y desaf\u00edos al aire libre<\/span><\/li>\n<li style=\"font-weight: 400;\" aria-level=\"1\"><span style=\"font-weight: 400;\">Equipamiento de seguridad e implementos para cada actividad.<\/span><\/li>\n<li style=\"font-weight: 400;\" aria-level=\"1\"><span style=\"font-weight: 400;\">Alimentaci\u00f3n completa: desayuno, almuerzo, cena y snack de frutas.<\/span><\/li>\n<li style=\"font-weight: 400;\" aria-level=\"1\"><span style=\"font-weight: 400;\">Alojamiento en refugio con camas y ba\u00f1os con agua caliente.<\/span><\/li>\n<li style=\"font-weight: 400;\" aria-level=\"1\"><span style=\"font-weight: 400;\">Actividades con animales de granja.<\/span><\/li>\n<li style=\"font-weight: 400;\" aria-level=\"1\"><span style=\"font-weight: 400;\">Servicios de primeros auxilios por gu\u00edas certificados en WAFA\/WFR.<\/span><\/li>\n<li style=\"font-weight: 400;\" aria-level=\"1\"><span style=\"font-weight: 400;\">Servicio de enfermer\u00eda 24\/7.<\/span><\/li>\n<li style=\"font-weight: 400;\" aria-level=\"1\"><span style=\"font-weight: 400;\">Acompa\u00f1amiento constante: 1 facilitador por cada 5 participantes.<\/span><\/li>\n<li style=\"font-weight: 400;\" aria-level=\"1\"><span style=\"font-weight: 400;\">Transporte privado desde Chill\u00e1n hasta Los Pellines (ida y vuelta).<\/span><\/li>\n<li style=\"font-weight: 400;\" aria-level=\"1\"><span style=\"font-weight: 400;\">Acompa\u00f1amiento y coordinaci\u00f3n de pasajes para quienes viajan desde Concepci\u00f3n y Santiago.<\/span><\/li>\n<li style=\"font-weight: 400;\" aria-level=\"1\"><span style=\"font-weight: 400;\">Seguro complementario Metlife.<\/span><\/li>\n<li style=\"font-weight: 400;\" aria-level=\"1\"><span style=\"font-weight: 400;\">Reportes diarios a trav\u00e9s de nuestra web.<\/span><\/li>\n<li style=\"font-weight: 400;\" aria-level=\"1\"><span style=\"font-weight: 400;\">Internet satelital y veh\u00edculos de apoyo para casos de emergencia.<\/span><\/li>\n<li style=\"font-weight: 400;\" aria-level=\"1\"><span style=\"font-weight: 400;\">Conversaci\u00f3n previa entre apoderados y nuestro equipo de formaci\u00f3n, para indagar antecedentes personales de cada participante.\u00a0<\/span><\/li>\n<\/ul>\n<h3><\/h3>\n<h3><strong>Documentos de coordinaci\u00f3n:<\/strong><\/h3>\n<ol>\n<li><a href=\"https:\/\/drive.google.com\/file\/d\/1fMPDuzWK5hVhRMYC4bd7-WLZmq3oAlrI\/view\">Listado de equipo recomendado<\/a><\/li>\n<li><a href=\"https:\/\/drive.google.com\/file\/d\/1VcZB5i0XToO6SqbK-7ZgwVT8ycwczb7d\/view\">Documento de preguntas frecuentes<\/a><\/li>\n<li><a href=\"https:\/\/drive.google.com\/file\/d\/1xzSr-R78NpKF8ebUcq0yHUdW5bMCBvZa\/view?usp=sharing\">Coordinaci\u00f3n del viaje<\/a><\/li>\n<li>Contrato de servicios<\/li>\n<\/ol>\n","protected":false},"excerpt":{"rendered":"<p><b>Un desaf\u00edo memorable<\/b><\/p>\n<p>Diez d\u00edas inmersos en la precordillera de \u00d1uble, rodeados de naturaleza en estado puro. Lejos de las pantallas, tus hijos vivir\u00e1n una experiencia entra\u00f1able con amigos, organizados en caminatas por bosques, cascadas y m\u00e1gicas noches de fog\u00f3n bajo las estrellas. Cada jornada integra desaf\u00edos memorables y aprendizajes que fomentar\u00e1n su autonom\u00eda, liderazgo y gesti\u00f3n emocional. A la vez, crear\u00e1n lazos duraderos y significativos con talleres relacionales, din\u00e1micas grupales y actividades en la naturaleza.<\/p>\n<p><b>Duraci\u00f3n:<\/b><span style=\"font-weight: 400;\"> 10 d\u00edas y 9 noches<\/span><\/p>\n<p><b>Fechas disponibles:<\/b><\/p>\n<ul>\n<li><span style=\"font-weight: 400;\">Lunes 5 al mi\u00e9rcoles 14 de enero\u00a0<\/span><\/li>\n<\/ul>\n<p>&nbsp;<\/p>\n<p style=\"text-align: left;\"><b>IMPORTANTE: <\/b><strong><span style=\"color: #ff6600;\">Hasta el 30 de noviembre, podr\u00e1s acceder a un 25% de descuento, utilizando el c\u00f3digo OCT25<\/span><\/strong><\/p>\n<p><b>Servicios incluidos:<\/b><\/p>\n<ul>\n<li style=\"font-weight: 400;\" aria-level=\"1\"><span style=\"font-weight: 400;\">Actividades, aventuras y desaf\u00edos al aire libre<\/span><\/li>\n<li style=\"font-weight: 400;\" aria-level=\"1\"><span style=\"font-weight: 400;\">Equipamiento de seguridad e implementos para cada actividad.<\/span><\/li>\n<li style=\"font-weight: 400;\" aria-level=\"1\"><span style=\"font-weight: 400;\">Alimentaci\u00f3n completa: desayuno, almuerzo, cena y snack de frutas.<\/span><\/li>\n<li style=\"font-weight: 400;\" aria-level=\"1\"><span style=\"font-weight: 400;\">Alojamiento en refugio con camas y ba\u00f1os con agua caliente.<\/span><\/li>\n<li style=\"font-weight: 400;\" aria-level=\"1\"><span style=\"font-weight: 400;\">Actividades con animales de granja.<\/span><\/li>\n<li style=\"font-weight: 400;\" aria-level=\"1\"><span style=\"font-weight: 400;\">Servicios de primeros auxilios por gu\u00edas certificados en WAFA\/WFR.<\/span><\/li>\n<li style=\"font-weight: 400;\" aria-level=\"1\"><span style=\"font-weight: 400;\">Servicio de enfermer\u00eda 24\/7.<\/span><\/li>\n<li style=\"font-weight: 400;\" aria-level=\"1\"><span style=\"font-weight: 400;\">Acompa\u00f1amiento constante: 1 facilitador por cada 5 participantes.<\/span><\/li>\n<li style=\"font-weight: 400;\" aria-level=\"1\"><span style=\"font-weight: 400;\">Transporte privado desde Chill\u00e1n hasta Los Pellines (ida y vuelta).<\/span><\/li>\n<li style=\"font-weight: 400;\" aria-level=\"1\"><span style=\"font-weight: 400;\">Acompa\u00f1amiento y coordinaci\u00f3n de pasajes para quienes viajan desde Concepci\u00f3n y Santiago.<\/span><\/li>\n<li style=\"font-weight: 400;\" aria-level=\"1\"><span style=\"font-weight: 400;\">Seguro complementario Metlife.<\/span><\/li>\n<li style=\"font-weight: 400;\" aria-level=\"1\"><span style=\"font-weight: 400;\">Reportes diarios a trav\u00e9s de nuestra web.<\/span><\/li>\n<li style=\"font-weight: 400;\" aria-level=\"1\"><span style=\"font-weight: 400;\">Internet satelital y veh\u00edculos de apoyo para casos de emergencia.<\/span><\/li>\n<li style=\"font-weight: 400;\" aria-level=\"1\"><span style=\"font-weight: 400;\">Conversaci\u00f3n previa entre apoderados y nuestro equipo de formaci\u00f3n, para indagar antecedentes personales de cada participante.\u00a0<\/span><\/li>\n<\/ul>\n<h3><\/h3>\n<h3><strong>Documentos de coordinaci\u00f3n:<\/strong><\/h3>\n<ol>\n<li><a href=\"https:\/\/drive.google.com\/file\/d\/1fMPDuzWK5hVhRMYC4bd7-WLZmq3oAlrI\/view\">Listado de equipo recomendado<\/a><\/li>\n<li><a href=\"https:\/\/drive.google.com\/file\/d\/1VcZB5i0XToO6SqbK-7ZgwVT8ycwczb7d\/view\">Documento de preguntas frecuentes<\/a><\/li>\n<li><a href=\"https:\/\/drive.google.com\/file\/d\/1xzSr-R78NpKF8ebUcq0yHUdW5bMCBvZa\/view?usp=sharing\">Coordinaci\u00f3n del viaje<\/a><\/li>\n<li>Contrato de servicios<\/li>\n<\/ol>\n","protected":false},"featured_media":1356,"template":"","meta":[],"product_brand":[],"product_cat":[49],"product_tag":[],"class_list":{"0":"post-1715","1":"product","2":"type-product","3":"status-publish","4":"has-post-thumbnail","6":"product_cat-campamentos-2025","8":"first","9":"instock","10":"featured","11":"shipping-taxable","12":"purchasable","13":"product-type-simple"},"_links":{"self":[{"href":"https:\/\/www.pellineslodge.cl\/campamento\/wp-json\/wp\/v2\/product\/1715","targetHints":{"allow":["GET"]}}],"collection":[{"href":"https:\/\/www.pellineslodge.cl\/campamento\/wp-json\/wp\/v2\/product"}],"about":[{"href":"https:\/\/www.pellineslodge.cl\/campamento\/wp-json\/wp\/v2\/types\/product"}],"wp:featuredmedia":[{"embeddable":true,"href":"https:\/\/www.pellineslodge.cl\/campamento\/wp-json\/wp\/v2\/media\/1356"}],"wp:attachment":[{"href":"https:\/\/www.pellineslodge.cl\/campamento\/wp-json\/wp\/v2\/media?parent=1715"}],"wp:term":[{"taxonomy":"product_brand","embeddable":true,"href":"https:\/\/www.pellineslodge.cl\/campamento\/wp-json\/wp\/v2\/product_brand?post=1715"},{"taxonomy":"product_cat","embeddable":true,"href":"https:\/\/www.pellineslodge.cl\/campamento\/wp-json\/wp\/v2\/product_cat?post=1715"},{"taxonomy":"product_tag","embeddable":true,"href":"https:\/\/www.pellineslodge.cl\/campamento\/wp-json\/wp\/v2\/product_tag?post=1715"}],"curies":[{"name":"wp","href":"https:\/\/api.w.org\/{rel}","templated":true}]}}